{"id":16703,"date":"2024-09-16T15:54:56","date_gmt":"2024-09-16T13:54:56","guid":{"rendered":"https:\/\/www.rdks.lv\/?page_id=16703"},"modified":"2026-03-24T10:09:53","modified_gmt":"2026-03-24T08:09:53","slug":"more-than-music","status":"publish","type":"page","link":"https:\/\/www.rdks.lv\/lv\/more-than-music\/","title":{"rendered":"MORE THAN MUSIC"},"content":{"rendered":"<p><img loading=\"lazy\" decoding=\"async\" class=\"aligncenter wp-image-18374 size-medium\" src=\"https:\/\/www.rdks.lv\/wp-content\/uploads\/2026\/03\/651190297_34999636879620478_6409344605452363266_n-225x300.jpg\" alt=\"\" width=\"225\" height=\"300\" srcset=\"https:\/\/www.rdks.lv\/wp-content\/uploads\/2026\/03\/651190297_34999636879620478_6409344605452363266_n-225x300.jpg 225w, https:\/\/www.rdks.lv\/wp-content\/uploads\/2026\/03\/651190297_34999636879620478_6409344605452363266_n-768x1024.jpg 768w, https:\/\/www.rdks.lv\/wp-content\/uploads\/2026\/03\/651190297_34999636879620478_6409344605452363266_n-1152x1536.jpg 1152w, https:\/\/www.rdks.lv\/wp-content\/uploads\/2026\/03\/651190297_34999636879620478_6409344605452363266_n.jpg 1536w\" sizes=\"auto, (max-width: 225px) 100vw, 225px\" \/><\/p>\n<p>07\/05\/2025 <strong>Atlase dal\u012bbai projekt\u0101 &#8220;More than Music&#8221; 2025.\/2026. m\u0101c\u012bbu gad\u0101<\/strong><\/p>\n<p>L\u012bdz 19. maijam gaid\u012bsim vidusskolas audz\u0113k\u0146u pieteikumus dal\u012bbai MIKC Nacion\u0101l\u0101s M\u0101kslu vidusskolas ERASMUS+ projekt\u0101 &#8220;More than Music&#8221; (Nr. 2024-1-FI01-KA220-VET-000248414)!<\/p>\n<p><strong>Projekta uzdevumi audz\u0113k\u0146iem:<\/strong><\/p>\n<ul>\n<li>p\u0101rst\u0101v\u0113t Skolu un Latviju (izgl\u012bt\u012bbas sist\u0113mu, programmas, sevi u.tml.);<\/li>\n<li>p\u0113c sast\u0101d\u012bta pl\u0101na apmekl\u0113t tie\u0161saistes grupu tik\u0161an\u0101s un meistarklases;<\/li>\n<li>kontakt\u0113ties ar savas grupas mentoru un t\u0101s dal\u012bbniekiem, kop\u012bgi gatavojoties kl\u0101tienes mobilit\u0101t\u0113m;<\/li>\n<li>R\u012bgas Doma kora skolas izgl\u012btojamajiem &#8211; starptautisk\u0101s grupas ietvaros str\u0101d\u0101t pie ori\u0123in\u0101lkompoz\u012bciju un dziesmu kaverversiju demo versij\u0101m pirms do\u0161an\u0101s mobilit\u0101t\u0113;<\/li>\n<li>Ja\u0146a Rozent\u0101la m\u0101kslas skolas izgl\u012btojamiem &#8211; dokument\u0113t sagatavo\u0161anas procesus, mobilit\u0101\u0161u norisi, koncertu, kop\u0101 ar m\u016bzi\u0137iem izstr\u0101d\u0101t vizu\u0101lo t\u0113lu, ievietot inform\u0101ciju projekta soci\u0101lo mediju profilos, plak\u0101tu un cita vizu\u0101l\u0101 materi\u0101la izveide;<\/li>\n<li>piedal\u012bties mobilit\u0101\u0161u braucienos, veikt ierakstus kop\u0101 ar starptautisko komandu un piedal\u012bties nosl\u0113guma koncert\u0101 (\u201cshowcase\u201d).<\/li>\n<\/ul>\n<p><strong><em>Dal\u012bbai projekt\u0101 var pretend\u0113t:<\/em><\/strong><\/p>\n<ul>\n<li>NMV R\u012bgas Doma kora skolas II-IV kursa audz\u0113k\u0146i;<\/li>\n<\/ul>\n<p>Nepiecie\u0161amie dokumenti:<\/p>\n<ul>\n<li><a href=\"https:\/\/www.rdks.lv\/wp-content\/uploads\/2024\/09\/Pielikums-1_audzekna-pieteikums.docx\">pieteikuma anketa<\/a>;<\/li>\n<li>sekmju un kav\u0113jumu izraksts par iepriek\u0161\u0113jo m\u0101c\u012bbu semestri (iesp\u0113jams ieg\u016bt lietved\u012bb\u0101);<\/li>\n<li>motiv\u0101cijas v\u0113stule datorrakst\u0101, br\u012bv\u0101 form\u0101, vienas A4 lappuses apjom\u0101, ang\u013cu valod\u0101. Motiv\u0101cijas v\u0113stulei ir j\u0101atspogu\u013co kandid\u0101ta m\u0113r\u0137is, kas tiks sasniegts, dodoties mobilit\u0101t\u0113, v\u0113stulei j\u0101atspogu\u013co iesp\u0113jamie ieguvumi no dal\u012bbas mobilit\u0101t\u0113. R\u012bgas Doma kora skolas izgl\u012btojamie motiv\u0101cijas v\u0113stul\u0113 apraksta savu iepriek\u0161\u0113jo pieredzi ori\u0123in\u0101lkompoz\u012bciju un\/vai dziesmu kaverversiju rad\u012b\u0161an\u0101 (var pievienot saiti uz ierakstu) un nor\u0101da savu specialit\u0101ti (vok\u0101ls un\/vai m\u016bzikas instrumenti, kurus p\u0101rvalda);<\/li>\n<li>CV latvie\u0161u un ang\u013cu valod\u0101 p\u0113c\u00a0<a href=\"http:\/\/europass.cedefop.europa.eu\/lv\/documents\/curriculum-vitae\/templates-instructions\" target=\"_blank\" rel=\"noreferrer noopener\"><em>Europass\u00a0<\/em>parauga<\/a>;<\/li>\n<li><a href=\"https:\/\/www.rdks.lv\/wp-content\/uploads\/2024\/09\/Pielikums-2_rekomendacijas-vestule.docx\">rekomend\u0101cijas v\u0113stule<\/a>\u00a0no specialit\u0101tes pedagoga.<\/li>\n<\/ul>\n<p><strong>Pieteikuma dokument\u0101ciju pretendents l\u012bdz 2025. gada 19. maijs iesniedz NMV Ja\u0146a Rozent\u0101la m\u0101kslas skolas projektu vad\u012bt\u0101jai Inetai V\u012bksnai, nos\u016btot to elektroniski uz ineta.viksna@kultura.lv <\/strong>Iesniegtos dokumentus izskata projekta atlases komisija un pras\u012bb\u0101m atbilsto\u0161os pretendentus apstiprina dal\u012bbai projekt\u0101, rezult\u0101tus public\u0113jot skolas m\u0101jaslap\u0101 un inform\u0113jot e-pasta v\u0113stul\u0113.<\/p>\n<p><strong>Projekta \u201cMore than Music\u201d<\/strong> (Nr. 2024-1-FI01-KA220-VET-000248414)\u00a0<a href=\"https:\/\/www.rdks.lv\/wp-content\/uploads\/2024\/09\/Nolikums_More-than-Music.pdf\"><strong>NOLIKUMS<\/strong><\/a><\/p>\n<p><img loading=\"lazy\" decoding=\"async\" class=\"size-medium wp-image-18373 aligncenter\" src=\"https:\/\/www.rdks.lv\/wp-content\/uploads\/2026\/03\/650258027_34940525938864906_3896333495424945154_n-264x300.jpg\" alt=\"\" width=\"264\" height=\"300\" srcset=\"https:\/\/www.rdks.lv\/wp-content\/uploads\/2026\/03\/650258027_34940525938864906_3896333495424945154_n-264x300.jpg 264w, https:\/\/www.rdks.lv\/wp-content\/uploads\/2026\/03\/650258027_34940525938864906_3896333495424945154_n-902x1024.jpg 902w, https:\/\/www.rdks.lv\/wp-content\/uploads\/2026\/03\/650258027_34940525938864906_3896333495424945154_n-768x872.jpg 768w, https:\/\/www.rdks.lv\/wp-content\/uploads\/2026\/03\/650258027_34940525938864906_3896333495424945154_n.jpg 1179w\" sizes=\"auto, (max-width: 264px) 100vw, 264px\" \/><\/p>\n<hr \/>\n<p>20\/09\/2024 <strong>Atlase dal\u012bbai projekt\u0101 &#8220;More than Music&#8221; 2024.\/2025. m\u0101c\u012bbu gad\u0101<\/strong><\/p>\n<p style=\"text-align: justify;\"><strong>L\u012bdz 4. oktobrim <\/strong>gaid\u012bsim vidusskolas audz\u0113k\u0146u un profesion\u0101lo m\u0101c\u012bbu priek\u0161metu pedagogu pieteikumus dal\u012bbai MIKC Nacion\u0101l\u0101s M\u0101kslu vidusskolas ERASMUS+ projekt\u0101 &#8220;More than Music&#8221; (Nr. 2024-1-FI01-KA220-VET-000248414)!<\/p>\n<p><strong>Projekta uzdevumi audz\u0113k\u0146iem:<\/strong><\/p>\n<ul>\n<li>p\u0101rst\u0101v\u0113t Skolu un Latviju (izgl\u012bt\u012bbas sist\u0113mu, programmas, sevi u.tml.);<\/li>\n<li>p\u0113c sast\u0101d\u012bta pl\u0101na apmekl\u0113t tie\u0161saistes grupu tik\u0161an\u0101s un meistarklases;<\/li>\n<li>kontakt\u0113ties ar savas grupas mentoru un t\u0101s dal\u012bbniekiem, kop\u012bgi gatavojoties kl\u0101tienes mobilit\u0101t\u0113m;<\/li>\n<li>R\u012bgas Doma kora skolas izgl\u012btojamajiem &#8211; starptautisk\u0101s grupas ietvaros str\u0101d\u0101t pie ori\u0123in\u0101lkompoz\u012bciju un dziesmu kaverversiju demo versij\u0101m pirms do\u0161an\u0101s mobilit\u0101t\u0113;<\/li>\n<li>Ja\u0146a Rozent\u0101la m\u0101kslas skolas izgl\u012btojamiem &#8211; dokument\u0113t sagatavo\u0161anas procesus, mobilit\u0101\u0161u norisi, koncertu, kop\u0101 ar m\u016bzi\u0137iem izstr\u0101d\u0101t vizu\u0101lo t\u0113lu, ievietot inform\u0101ciju projekta soci\u0101lo mediju profilos, plak\u0101tu un cita vizu\u0101l\u0101 materi\u0101la izveide;<\/li>\n<li>piedal\u012bties mobilit\u0101\u0161u braucienos, veikt ierakstus kop\u0101 ar starptautisko komandu un piedal\u012bties nosl\u0113guma koncert\u0101 (\u201cshowcase\u201d).<\/li>\n<\/ul>\n<p><strong>Projekta uzdevumi pedagogiem:<\/strong><\/p>\n<ul>\n<li>p\u0101rst\u0101v\u0113t Skolu un Latviju (izgl\u012bt\u012bbas sist\u0113mu, programmas, sevi u.tml.);<\/li>\n<li>mentor\u0113t sev dele\u0123\u0113to starptautisko grupu ar audz\u0113k\u0146iem no m\u016bzikas un m\u0101kslas izgl\u012bt\u012bbas programm\u0101m, organiz\u0113t tik\u0161an\u0101s reizes tie\u0161saist\u0113 un uzraudz\u012bt darba progresu mobilit\u0101\u0161u laik\u0101.<\/li>\n<\/ul>\n<p><img loading=\"lazy\" decoding=\"async\" class=\"size-medium wp-image-18371 aligncenter\" src=\"https:\/\/www.rdks.lv\/wp-content\/uploads\/2026\/03\/487209746_1074443501383275_1152112944262719158_n-300x225.jpg\" alt=\"\" width=\"300\" height=\"225\" srcset=\"https:\/\/www.rdks.lv\/wp-content\/uploads\/2026\/03\/487209746_1074443501383275_1152112944262719158_n-300x225.jpg 300w, https:\/\/www.rdks.lv\/wp-content\/uploads\/2026\/03\/487209746_1074443501383275_1152112944262719158_n-1024x768.jpg 1024w, https:\/\/www.rdks.lv\/wp-content\/uploads\/2026\/03\/487209746_1074443501383275_1152112944262719158_n-768x576.jpg 768w, https:\/\/www.rdks.lv\/wp-content\/uploads\/2026\/03\/487209746_1074443501383275_1152112944262719158_n-1536x1152.jpg 1536w, https:\/\/www.rdks.lv\/wp-content\/uploads\/2026\/03\/487209746_1074443501383275_1152112944262719158_n.jpg 1600w\" sizes=\"auto, (max-width: 300px) 100vw, 300px\" \/><\/p>\n<p style=\"text-align: justify;\"><strong>Projekta braucieni 2024.\/2025. m\u0101c\u012bbu gad\u0101:<\/strong><\/p>\n<ul>\n<li>Gl\u0101zgovas Kelvina koled\u017ea (Skotija, Apvienot\u0101 Karaliste) &#8211; 2024. gada 2.-8. febru\u0101r\u012b (<span style=\"text-decoration: underline;\">2 R\u012bgas Doma kora skolas audz\u0113k\u0146i, 1 pedagogs<\/span>), <em>Glasgow Kelvin College, <\/em><a href=\"http:\/\/www.glasgowkelvin.ac.uk\"><em>glasgowkelvin.ac.uk<\/em><\/a>;<\/li>\n<li>Arnemas profesion\u0101l\u0101s izgl\u012bt\u012bbas koled\u017ea (N\u012bderlande) &#8211; 2024. gada 2.-8. febru\u0101r\u012b (1 Ja\u0146a Rozent\u0101la m\u0101kslas skolas audz\u0113knis un 1 pedagogs), <em>Rijn IJssel, <\/em><a href=\"http:\/\/www.rijnijssel.nl\"><em>rijnijssel.nl<\/em><\/a>;<\/li>\n<li>Jiveskilas profesion\u0101l\u0101s izgl\u012bt\u012bbas koled\u017ea (Somija) &#8211; 2024. gada 30. mart\u0101 &#8211; 5. apr\u012bl\u012b (<span style=\"text-decoration: underline;\">visi 2024.\/2025. m\u0101c\u012bbu gada projekta dal\u012bbnieki<\/span>), <em>GRADIA, <\/em><a href=\"http:\/\/www.gradia.fi\"><em>gradia.fi<\/em><\/a>.<\/li>\n<\/ul>\n<p><em>Dal\u012bbai projekt\u0101 var pretend\u0113t:<\/em><\/p>\n<ul>\n<li>II-IV kursa audz\u0113k\u0146i;<\/li>\n<li>R\u012bgas Doma kora skolas profesion\u0101lo m\u0101c\u012bbu priek\u0161metu pedagogi (mentori).<\/li>\n<\/ul>\n<p>Nepiecie\u0161amie dokumenti\u00a0<span style=\"text-decoration: underline;\">audz\u0113k\u0146iem<\/span>:<\/p>\n<ul>\n<li><a href=\"https:\/\/www.rdks.lv\/wp-content\/uploads\/2024\/09\/Pielikums-1_audzekna-pieteikums.docx\">pieteikuma anketa<\/a>;<\/li>\n<li>sekmju un kav\u0113jumu izraksts par iepriek\u0161\u0113jo m\u0101c\u012bbu semestri (iesp\u0113jams ieg\u016bt lietved\u012bb\u0101);<\/li>\n<li>motiv\u0101cijas v\u0113stule datorrakst\u0101, br\u012bv\u0101 form\u0101, vienas A4 lappuses apjom\u0101, ang\u013cu valod\u0101. Motiv\u0101cijas v\u0113stulei ir j\u0101atspogu\u013co kandid\u0101ta m\u0113r\u0137is, kas tiks sasniegts, dodoties mobilit\u0101t\u0113, pamatojums par konkr\u0113t\u0101s skolas izv\u0113li, v\u0113stulei j\u0101atspogu\u013co iesp\u0113jamie ieguvumi no dal\u012bbas mobilit\u0101t\u0113. R\u012bgas Doma kora skolas izgl\u012btojamie motiv\u0101cijas v\u0113stul\u0113 apraksta savu iepriek\u0161\u0113jo pieredzi ori\u0123in\u0101lkompoz\u012bciju un\/vai dziesmu kaverversiju rad\u012b\u0161an\u0101 (var pievienot saiti uz ierakstu) un nor\u0101da savu specialit\u0101ti (vok\u0101ls un\/vai m\u016bzikas instrumenti, kurus p\u0101rvalda);<\/li>\n<li>CV latvie\u0161u un ang\u013cu valod\u0101 p\u0113c\u00a0<a href=\"http:\/\/europass.cedefop.europa.eu\/lv\/documents\/curriculum-vitae\/templates-instructions\" target=\"_blank\" rel=\"noreferrer noopener\"><em>Europass\u00a0<\/em>parauga<\/a>;<\/li>\n<li><a href=\"https:\/\/www.rdks.lv\/wp-content\/uploads\/2024\/09\/Pielikums-2_rekomendacijas-vestule.docx\">rekomend\u0101cijas v\u0113stule<\/a>\u00a0no specialit\u0101tes pedagoga.<\/li>\n<\/ul>\n<p>Nepiecie\u0161amie dokumenti\u00a0<span style=\"text-decoration: underline;\">pedagogam<\/span>:<\/p>\n<ul>\n<li><a href=\"https:\/\/www.rdks.lv\/wp-content\/uploads\/2024\/09\/Pielikums-4_pedagoga-pieteikums.docx\">pieteikuma anketa<\/a>;<\/li>\n<li>pa\u0161v\u0113rt\u0113juma zi\u0146ojums par iepriek\u0161\u0113jo m\u0101c\u012bbu gadu.<\/li>\n<\/ul>\n<p><strong>Pieteikuma dokument\u0101ciju pretendents l\u012bdz 2024. gada 4. oktobrim iesniedz R\u012bgas Doma kora skolas lietved\u012bb\u0101 vai nos\u016bta elektroniski uz rdks@nmv.gov.lv.<\/strong> Iesniegtos dokumentus izskata projekta atlases komisija un pras\u012bb\u0101m atbilsto\u0161os pretendentus apstiprina dal\u012bbai projekt\u0101, rezult\u0101tus public\u0113jot skolas m\u0101jaslap\u0101 un inform\u0113jot e-pasta v\u0113stul\u0113.<\/p>\n<p><strong>Projekta \u201cMore than Music\u201d<\/strong> (Nr. 2024-1-FI01-KA220-VET-000248414)\u00a0<a href=\"https:\/\/www.rdks.lv\/wp-content\/uploads\/2024\/09\/Nolikums_More-than-Music.pdf\"><strong>NOLIKUMS<\/strong><\/a><\/p>\n<p><img loading=\"lazy\" decoding=\"async\" class=\"aligncenter wp-image-16725 size-medium\" src=\"https:\/\/www.rdks.lv\/wp-content\/uploads\/2024\/09\/WhatsApp-Image-2024-09-20-at-09.33.27-300x300.jpeg\" alt=\"\" width=\"300\" height=\"300\" srcset=\"https:\/\/www.rdks.lv\/wp-content\/uploads\/2024\/09\/WhatsApp-Image-2024-09-20-at-09.33.27-300x300.jpeg 300w, https:\/\/www.rdks.lv\/wp-content\/uploads\/2024\/09\/WhatsApp-Image-2024-09-20-at-09.33.27-1024x1024.jpeg 1024w, https:\/\/www.rdks.lv\/wp-content\/uploads\/2024\/09\/WhatsApp-Image-2024-09-20-at-09.33.27-150x150.jpeg 150w, https:\/\/www.rdks.lv\/wp-content\/uploads\/2024\/09\/WhatsApp-Image-2024-09-20-at-09.33.27-768x768.jpeg 768w, https:\/\/www.rdks.lv\/wp-content\/uploads\/2024\/09\/WhatsApp-Image-2024-09-20-at-09.33.27.jpeg 1044w\" sizes=\"auto, (max-width: 300px) 100vw, 300px\" \/><\/p>\n<hr \/>\n<p><strong>Projekta m\u0113r\u0137i:<\/strong><\/p>\n<ul>\n<li>piedal\u012bties darba grupu sesij\u0101s tie\u0161saist\u0113 un kl\u0101tienes mobilit\u0101t\u0113s, lai sagatavotu muzik\u0101lo un vizu\u0101lo saturu projekta nosl\u0113guma koncertam (\u201cshowcase\u201d) un, apg\u016bstot m\u0101rketinga pamatprincipus, veidotu muzik\u0101lo apvien\u012bbu t\u0113lu un to populariz\u0113tu soci\u0101lajos t\u012bklos;<\/li>\n<li>pilnveidot izgl\u012btojamo profesion\u0101l\u0101s kompetences un sadarb\u012bbas prasmes starptautisk\u0101 vid\u0113;<\/li>\n<li>pilnveidot pedagogu mentor\u0113\u0161anas prasmes un ieg\u016bt pieredzi darb\u0101 ar starpnozaru izgl\u012bt\u012bbas programmu audz\u0113k\u0146iem starptautisk\u0101 vid\u0113;<\/li>\n<li>projekta dal\u012bbnieku profesion\u0101lo, individu\u0101lo un starpkult\u016bru zin\u0101\u0161anu un prasmju pielieto\u0161anas sekm\u0113\u0161ana;<\/li>\n<li>ang\u013cu valodas zin\u0101\u0161anu uzlabo\u0161ana un profesion\u0101l\u0101s terminolo\u0123ijas apg\u016b\u0161ana;<\/li>\n<li>jaunu profesion\u0101lo kontaktu dibin\u0101\u0161ana.<\/li>\n<\/ul>\n<p><strong>Visi pl\u0101notie projekta braucieni:<\/strong><\/p>\n<ul>\n<li><u>2024.\/2025. m\u0101c\u012bbu gad\u0101<\/u>:\n<ul>\n<li>Gl\u0101zgovas Kelvina koled\u017ea (Skotija, Apvienot\u0101 Karaliste) &#8211; 2024. gada 2.-8. febru\u0101r\u012b (2 R\u012bgas Doma kora skolas audz\u0113k\u0146i, 1 pedagogs), <em>Glasgow Kelvin College, <\/em><a href=\"http:\/\/www.glasgowkelvin.ac.uk\"><em>glasgowkelvin.ac.uk<\/em><\/a>;<\/li>\n<li>Arnemas profesion\u0101l\u0101s izgl\u012bt\u012bbas koled\u017ea (N\u012bderlande) &#8211; 2024. gada 2.-8. febru\u0101r\u012b (1 Ja\u0146a Rozent\u0101la m\u0101kslas skolas audz\u0113knis un 1 pedagogs), <em>Rijn IJssel, <\/em><a href=\"http:\/\/www.rijnijssel.nl\"><em>rijnijssel.nl<\/em><\/a>;<\/li>\n<li>Jiveskilas profesion\u0101l\u0101s izgl\u012bt\u012bbas koled\u017ea (Somija) &#8211; 2024. gada 30. mart\u0101 &#8211; 5. apr\u012bl\u012b (visi 2024.\/2025. m\u0101c\u012bbu gada projekta dal\u012bbnieki), <em>GRADIA, <\/em><a href=\"http:\/\/www.gradia.fi\"><em>gradia.fi<\/em><\/a>;<\/li>\n<\/ul>\n<\/li>\n<li><u>2025.\/2026. m\u0101c\u012bbu gad\u0101:<\/u>\n<ul>\n<li>Zieme\u013crietumu Re\u0123ion\u0101l\u0101 koled\u017ea (Zieme\u013c\u012brija, Apvienot\u0101 Karaliste) &#8211; 2026. gada febru\u0101ris (mobilit\u0101tes datums un dal\u012bbnieku skaits tiks preciz\u0113ts), <em>North West Regional College, <\/em><a href=\"http:\/\/www.nwrc.ac.uk\"><em>nwrc.ac.uk<\/em><\/a>;<\/li>\n<li>Minhenes Jaun\u0101 d\u017eeza skola (V\u0101cija) &#8211; 2026. gada febru\u0101ris (mobilit\u0101tes datums un dal\u012bbnieku skaits tiks preciz\u0113ts), <em>Neue Jazzschool M\u00fcnchen, <\/em><a href=\"http:\/\/www.jazzschool.de\"><em>jazzschool.de<\/em><\/a>;<\/li>\n<li>Tallinas M\u016bzikas un baleta skola (Igaunija) &#8211; 2026. gada apr\u012blis (mobilit\u0101tes datums tiks preciz\u0113ts, visi 2025.\/2026. m\u0101c\u012bbu gada projekta dal\u012bbnieki), <em>MUBA<\/em>, <a href=\"http:\/\/www.muba.edu.ee\"><em>muba.edu.ee<\/em><\/a><em>.<\/em><\/li>\n<\/ul>\n<\/li>\n<\/ul>\n<hr \/>\n<p>10\/11\/2024\u00a0<strong>MIKC Nacion\u0101l\u0101 M\u0101kslu vidusskola uzs\u0101k \u012bstenot jaunu projektu ERASMUS+ programm\u0101<\/strong><\/p>\n<div>\n<p style=\"text-align: justify;\">MIKC NMV R\u012bgas Doma kora skola sa\u0146\u0113musi apstiprin\u0101jumu jaunam Erasmus+ programmas Pamatdarb\u012bbas Nr. 2 (KA2) Profesion\u0101l\u0101s izgl\u012bt\u012bbas sektora strat\u0113\u0123isko partner\u012bbu projektam \u201cMore than Music\u201d 250 000,00 EUR apm\u0113r\u0101. Projekt\u0101 piedal\u0101s 8 partnerskolas no Latvijas, Igaunijas, Somijas, V\u0101cijas, N\u012bderlandes, Skotijas un Zieme\u013c\u012brijas. Projekta koordinators ir Kainu profesion\u0101l\u0101s izgl\u012bt\u012bbas koled\u017ea KAO. Projekta ietvaros m\u016bzikas un m\u0101kslu izgl\u012bt\u012bbas programmu audz\u0113k\u0146iem b\u016bs iesp\u0113ja piedal\u012bties meistarklas\u0113s un apmai\u0146as braucienos, kuru laik\u0101 tiks apg\u016btas iema\u0146as kompoz\u012bcij\u0101, ierakstu veido\u0161an\u0101, muzik\u0101l\u0101 kolekt\u012bva t\u0113la veido\u0161an\u0101 un m\u0101rketing\u0101. Projekta m\u0113r\u0137is ir, imit\u0113jot m\u016bzikas nozares darba apst\u0101k\u013cus m\u0101c\u012bbu vid\u0113, uzlabot skol\u0113nu prasmes sava k\u0101 m\u016bzi\u0137a publisk\u0101 t\u0113la veido\u0161an\u0101, k\u0101 ar\u012b izkopt uz\u0146\u0113m\u0113jdarb\u012bbas dom\u0101\u0161anas veidu, kas nepiecie\u0161ams veiksm\u012bgas karjeras veido\u0161anai rado\u0161o industriju jom\u0101s.<\/p>\n<\/div>\n<p><strong>Projekta realiz\u0101cijas laiks:\u00a0<\/strong>01.09.2024. \u2013 31.08.2026.<\/p>\n<p><strong>Projekta partneri:<\/strong><\/p>\n<ul>\n<li>Latvija: MIKC Nacion\u0101l\u0101 M\u0101kslu vidusskola (R\u012bgas Doma kora skola, Ja\u0146a Rozent\u0101la m\u0101kslas skola)<\/li>\n<li>Igaunija: Tallinas M\u016bzikas un baleta skola MUBA (<em>Tallinna Muusika- ja Balletikool MUBA, <a href=\"http:\/\/www.muba.edu.ee\">www.muba.edu.ee<\/a>)<\/em><\/li>\n<li>Somija: Kainu profesion\u0101l\u0101s izgl\u012bt\u012bbas koled\u017ea (Kainuun Ammattiopisto, <a href=\"http:\/\/www.kao.fi\">www.kao.fi<\/a>)<\/li>\n<li>Somija: Jiveskilas profesion\u0101l\u0101s izgl\u012bt\u012bbas koled\u017ea (GRADIA, <a href=\"http:\/\/www.gradia.fi\">www.gradia.fi<\/a>)<\/li>\n<li>V\u0101cija: Minhenes Jaun\u0101 d\u017eeza skola (<em>Neue Jazzschool M\u00fcnchen, <\/em><a href=\"http:\/\/www.jazzschool.de\"><em>jazzschool.de<\/em><\/a>)<\/li>\n<li>N\u012bderlande: Arnemas profesion\u0101l\u0101s izgl\u012bt\u012bbas koled\u017ea (<em>Rijn IJssel, <\/em><a href=\"http:\/\/www.rijnijssel.nl\"><em>rijnijssel.nl<\/em><\/a>)<\/li>\n<li>Apvienot\u0101 Karaliste: Zieme\u013crietumu Re\u0123ion\u0101l\u0101 koled\u017ea (<em>North West Regional College, <\/em><a href=\"http:\/\/www.nwrc.ac.uk\"><em>nwrc.ac.uk<\/em><\/a>)<\/li>\n<li>Apvienot\u0101 Karaliste: Gl\u0101zgovas Kelvina koled\u017ea (<em>Glasgow Kelvin College, <\/em><a href=\"http:\/\/www.glasgowkelvin.ac.uk\"><em>glasgowkelvin.ac.uk<\/em><\/a>)<\/li>\n<\/ul>\n<p><img loading=\"lazy\" decoding=\"async\" class=\"size-medium wp-image-18372 aligncenter\" src=\"https:\/\/www.rdks.lv\/wp-content\/uploads\/2026\/03\/494023514_1289348513196594_834627202762510334_n-300x261.jpg\" alt=\"\" width=\"300\" height=\"261\" srcset=\"https:\/\/www.rdks.lv\/wp-content\/uploads\/2026\/03\/494023514_1289348513196594_834627202762510334_n-300x261.jpg 300w, https:\/\/www.rdks.lv\/wp-content\/uploads\/2026\/03\/494023514_1289348513196594_834627202762510334_n-1024x890.jpg 1024w, https:\/\/www.rdks.lv\/wp-content\/uploads\/2026\/03\/494023514_1289348513196594_834627202762510334_n-768x668.jpg 768w, https:\/\/www.rdks.lv\/wp-content\/uploads\/2026\/03\/494023514_1289348513196594_834627202762510334_n-1536x1335.jpg 1536w, https:\/\/www.rdks.lv\/wp-content\/uploads\/2026\/03\/494023514_1289348513196594_834627202762510334_n.jpg 2048w\" sizes=\"auto, (max-width: 300px) 100vw, 300px\" \/><\/p>","protected":false},"excerpt":{"rendered":"<p>07\/05\/2025 Atlase dal\u012bbai projekt\u0101 &#8220;More than Music&#8221; 2025.\/2026. m\u0101c\u012bbu gad\u0101 L\u012bdz 19. maijam gaid\u012bsim vidusskolas audz\u0113k\u0146u pieteikumus dal\u012bbai MIKC Nacion\u0101l\u0101s M\u0101kslu vidusskolas ERASMUS+ projekt\u0101 &#8220;More than Music&#8221; (Nr. 2024-1-FI01-KA220-VET-000248414)! Projekta uzdevumi audz\u0113k\u0146iem: p\u0101rst\u0101v\u0113t Skolu un Latviju (izgl\u012bt\u012bbas sist\u0113mu, programmas, sevi u.tml.); p\u0113c sast\u0101d\u012bta pl\u0101na apmekl\u0113t tie\u0161saistes grupu tik\u0161an\u0101s un meistarklases; kontakt\u0113ties ar savas grupas mentoru&#8230;<\/p>\n","protected":false},"author":16,"featured_media":0,"parent":0,"menu_order":0,"comment_status":"closed","ping_status":"closed","template":"","meta":{"cybocfi_hide_featured_image":"","footnotes":""},"class_list":["post-16703","page","type-page","status-publish","hentry"],"_links":{"self":[{"href":"https:\/\/www.rdks.lv\/lv\/wp-json\/wp\/v2\/pages\/16703","targetHints":{"allow":["GET"]}}],"collection":[{"href":"https:\/\/www.rdks.lv\/lv\/wp-json\/wp\/v2\/pages"}],"about":[{"href":"https:\/\/www.rdks.lv\/lv\/wp-json\/wp\/v2\/types\/page"}],"author":[{"embeddable":true,"href":"https:\/\/www.rdks.lv\/lv\/wp-json\/wp\/v2\/users\/16"}],"replies":[{"embeddable":true,"href":"https:\/\/www.rdks.lv\/lv\/wp-json\/wp\/v2\/comments?post=16703"}],"version-history":[{"count":16,"href":"https:\/\/www.rdks.lv\/lv\/wp-json\/wp\/v2\/pages\/16703\/revisions"}],"predecessor-version":[{"id":18377,"href":"https:\/\/www.rdks.lv\/lv\/wp-json\/wp\/v2\/pages\/16703\/revisions\/18377"}],"wp:attachment":[{"href":"https:\/\/www.rdks.lv\/lv\/wp-json\/wp\/v2\/media?parent=16703"}],"curies":[{"name":"wp","href":"https:\/\/api.w.org\/{rel}","templated":true}]}}